{"id":3,"date":"2020-07-22T22:13:39","date_gmt":"2020-07-22T22:13:39","guid":{"rendered":"https:\/\/enigma-catering.ch\/?page_id=3"},"modified":"2026-03-09T12:50:01","modified_gmt":"2026-03-09T12:50:01","slug":"privacy-policy","status":"publish","type":"page","link":"https:\/\/enigma-catering.com\/fr\/privacy-policy\/","title":{"rendered":"R\u00e8gles de confidentialit\u00e9"},"content":{"rendered":"<p>[vc_row][vc_column][vc_empty_space height=\u00a0\u00bb90px\u00a0\u00bb][\/vc_column][\/vc_row][vc_row row_content_width=\u00a0\u00bbgrid\u00a0\u00bb pattern_svg_path=\u00a0\u00bb\u00a0\u00bb][vc_column][vc_column_text]Conform\u00e9ment \u00e0 la loi \u00ab informatique et libert\u00e9s \u00bb du 6 janvier 1978 modifi\u00e9e et au R\u00e8glement europ\u00e9en n02016\/679\/UE du 27 avril 2016 applicable \u00e0 compter du 25 mai 2018, vous b\u00e9n\u00e9ficiez d\u2019un droit d\u2019acc\u00e8s, de rectification, de portabilit\u00e9 et d\u2019effacement de vos donn\u00e9es personnelles ou encore de limitation du traitement. Vous pouvez \u00e9galement, pour des motifs l\u00e9gitimes, vous opposer au traitement des donn\u00e9es vous concernant.<\/p>\n<p>Il s\u2019agit de toutes les informations qui se rapportent \u00e0 une personne physique identifi\u00e9e ou identifiable.<\/p>\n<p>Une personne physique identifiable est une personne physique identifi\u00e9e, directement ou indirectement, notamment par r\u00e9f\u00e9rence \u00e0 un identifiant tel qu\u2019un nom, un num\u00e9ro d\u2019identification, des donn\u00e9es de localisation, un identifiant en ligne, ou \u00e0 un ou plusieurs \u00e9l\u00e9ments sp\u00e9cifiques propres \u00e0 son identit\u00e9 physique, physiologique, g\u00e9n\u00e9tique, psychique, \u00e9conomique, culturelle ou sociale.<\/p>\n<p>Les pr\u00e9sentes r\u00e8gles de Confidentialit\u00e9 peuvent \u00eatre amen\u00e9es \u00e0 changer. Toute diminution de vos droits dans le cadre des pr\u00e9sentes R\u00e8gles de Confidentialit\u00e9 ne saurait \u00eatre appliqu\u00e9e sans votre consentement expr\u00e8s.<\/p>\n<p>Pour toute information compl\u00e9mentaire ou r\u00e9clamation, vous pouvez contacter la Commission Nationale de l\u2019Informatique et des Libert\u00e9s (plus d\u2019informations sur www.cniLfr).[\/vc_column_text][vc_empty_space][vc_column_text]<\/p>\n<h5>DONN\u00c9ES PERSONNELLES COLLECT\u00c9ES<\/h5>\n<p>Les donn\u00e9es personnelles pouvant \u00eatre collect\u00e9es sur le Site sont les suivantes :<\/p>\n<p>Cr\u00e9ation de compte : sont notamment enregistr\u00e9es, lors de la cr\u00e9ation de votre compte, vos nom, pr\u00e9nom, date de naissance, adresse postale, adresse \u00e9lectronique, num\u00e9ro de t\u00e9l\u00e9phone ainsi que vos donn\u00e9es de connexion.<\/p>\n<p>Connexion au site: \u00e0 cette occasion, sont notamment enregistr\u00e9es, vos donn\u00e9es de connexion, de navigation ou encore de localisation.<\/p>\n<p>Paiements sur le site: en cas de transaction financi\u00e8re sur le site, sont enregistr\u00e9es vos coordonn\u00e9es bancaires ou encore les donn\u00e9es relatives \u00e0 votre carte de cr\u00e9dit.<\/p>\n<p>Discussions en ligne: lorsque vous communiquez avec d\u2019autres utilisateurs sur le site, les donn\u00e9es relatives \u00e0 ces \u00e9changes sont enregistr\u00e9es.<\/p>\n<p>Informations en provenance de tiers: Certaines de vos donn\u00e9es (en particulier vos nom, pr\u00e9nom et coordonn\u00e9es t\u00e9l\u00e9phoniques et\/ou postales) sont susceptibles de nous avoir \u00e9t\u00e9 transmises, avec votre accord pr\u00e9alable, par nos partenaires. Dans ce cas, le traitement de vos donn\u00e9es sera r\u00e9gi par les pr\u00e9sentes stipulations.<\/p>\n<p>Contact : Lors du remplissage du formulaire de contact, sont collect\u00e9s vos nom, pr\u00e9nom, adresse \u00e9lectronique et votre message.<\/p>\n<p>Cookies : Les Cookies sont utilis\u00e9s, dans le cadre de l\u2019utilisation du Site, afin de collecter certaines informations (en particulier, votre adresse IP, des informations relatives \u00e0 l\u2019ordinateur utilis\u00e9 pour la navigation, le mode de connexion, le type et la version du navigateur internet, le syst\u00e8me d\u2019exploitation).[\/vc_column_text][vc_empty_space][vc_column_text]<\/p>\n<h5>POURQUOI COLLECTONS NOUS VOS DONNEES PERSONNELLES ?<\/h5>\n<p>Nous utilisons vos donn\u00e9es personnelles pour r\u00e9pondre \u00e0 vos demandes de contact, proposer nos produits ou services adapt\u00e9s \u00e0 vos besoins, traiter vos commandes, ou vous enregistrer pour acc\u00e9der aux services en ligne etc.<\/p>\n<p>Vos donn\u00e9es personnelles font l\u2019objet d\u2019un traitement au sein de notre soci\u00e9t\u00e9, et nous nous interdisons de communiquer ces donn\u00e9es \u00e0 des tiers sans vous en avoir pr\u00e9alablement inform\u00e9s.[\/vc_column_text][vc_empty_space][vc_column_text]<\/p>\n<h5>TRAITEMENT DES DONN\u00c9ES<\/h5>\n<p>Il s\u2019agit de toute op\u00e9ration ou tout ensemble d\u2019op\u00e9rations effectu\u00e9es ou non \u00e0 l\u2019aide de proc\u00e9d\u00e9s automatis\u00e9s et appliqu\u00e9s \u00e0 des donn\u00e9es ou des ensembles de donn\u00e9es \u00e0 caract\u00e8re personnel.<\/p>\n<p>Les utilisations de vos donn\u00e9es personnelles sont principalement les suivantes :<\/p>\n<ul>\n<li>Acc\u00e8s et utilisation du site.<\/li>\n<li>V\u00e9rification et authentification de vos donn\u00e9es.<\/li>\n<li>Optimisation de l\u2019agencement et du fonctionnement du site.<\/li>\n<li>Lutte contre les fraudes, utilisations abusives, virus et autres logiciels malveillants.<\/li>\n<li>Gestion de la relation avec vous.<\/li>\n<li>Mise en place et gestion d\u2019un espace de communication entre utilisateurs du site.<\/li>\n<li>Fourniture d\u2019une assistance utilisateurs.<\/li>\n<li>Gestion des services de paiement.<\/li>\n<li>Fourniture de contenus et services personnalis\u00e9s, en fonction de votre historique de navigation, de vos pr\u00e9f\u00e9rences et centres d\u2019int\u00e9r\u00eats.<\/li>\n<li>Envoi d\u2019informations commerciales et de messages publicitaires, en fonction de votre historique de navigation, de vos pr\u00e9f\u00e9rences et centres d\u2019int\u00e9r\u00eats.<\/li>\n<\/ul>\n<p>Lorsque certaines informations sont obligatoires pour acc\u00e9der \u00e0 des fonctionnalit\u00e9s sp\u00e9cifiques du Site, ce caract\u00e8re obligatoire est indiqu\u00e9 au moment de la saisie des donn\u00e9es. En cas de refus de votre part de fournir des informations obligatoires, vous pourriez ne pas avoir acc\u00e8s \u00e0 certains services, fonctionnalit\u00e9s ou rubriques du Site.[\/vc_column_text][vc_empty_space][vc_column_text]<\/p>\n<h5>TRANSFERT \u2013 LIENS VERS D\u2019AUTRES SITES INTERNET ET R\u00c9SEAU SOCIAUX<\/h5>\n<p>Notre site Web contient des liens avec d\u2019autres sites et peut r\u00e9aliser des interconnexions entre fichiers de finalit\u00e9s diff\u00e9rentes. Nous d\u00e9clinons toute responsabilit\u00e9 quant au contenu de ces autres sites ou \u00e0 leurs pratiques en mati\u00e8re de politique de confidentialit\u00e9. Il vous appartient de v\u00e9rifier leurs pratiques en mati\u00e8re de protection des donn\u00e9es.[\/vc_column_text][vc_empty_space][vc_column_text]<\/p>\n<h5>AFFICHAGE DE NOS IMPLANTATIONS SUR GOOGLE MAPS<\/h5>\n<p>Vous pouvez b\u00e9n\u00e9ficier en navigant sur notre site de l\u2019affichage sur la carte de notre ou de nos implantations g\u00e9ographiques. Nous utilisons la carte Google Maps pour ce service qui est fourni par Google Inc, 1600 Amphitheatre Pkwy, Mountain View, CA 94043, \u00c9tats-Unis. Vous trouverez des pr\u00e9cisions sur la politique de confidentialit\u00e9 et du traitement des donn\u00e9es personnelles en cas d\u2019utilisation de Google Maps par le biais du lien suivant : <a href=\"https:\/\/policies.google.com\/privacy?hl=fr&#038;gl=fr\">https:\/\/policies.google.com\/privacy?hl=fr&#038;gl=fr<\/a>[\/vc_column_text][vc_empty_space][vc_column_text]<\/p>\n<h5>CONSERVATION ET S\u00c9CURIT\u00c9 DES DONN\u00c9ES<\/h5>\n<p>Conform\u00e9ment aux dispositions l\u00e9gales et r\u00e8glementaires applicables, en particulier le R\u00e8glement Europ\u00e9en n02016\/679\/UE du 27 avril 2016 (RGPD), les donn\u00e9es \u00e0 caract\u00e8re personnel doivent \u00eatre :<\/p>\n<ul>\n<li>Ad\u00e9quates, pertinentes et limit\u00e9es \u00e0 ce qui est n\u00e9cessaire au regard des finalit\u00e9s pour lesquelles elles sont trait\u00e9es.<\/li>\n<li>Conserv\u00e9es sous une forme permettant l\u2019identification des personnes concern\u00e9es pendant une dur\u00e9e n\u2019exc\u00e9dant pas celle n\u00e9cessaire au regard des finalit\u00e9s pour lesquelles elles sont trait\u00e9es; les donn\u00e9es \u00e0 caract\u00e8re personnel peuvent \u00eatre conserv\u00e9es pour des dur\u00e9es plus longues dans la mesure o\u00f9 elles seront trait\u00e9es exclusivement \u00e0 des fins archivistiques dans l\u2019int\u00e9r\u00eat public, \u00e0 des fins de recherche scientifique ou historique ou \u00e0 des fins statistiques.<\/li>\n<\/ul>\n<p>Pendant la dur\u00e9e de conservation, le Site met en place les moyens organisationnels, logiciels, juridiques, techniques et physiques aptes \u00e0 assurer la confidentialit\u00e9 et la s\u00e9curit\u00e9 de vos donn\u00e9es personnelles, de mani\u00e8re \u00e0 emp\u00eacher leur endommagement, effacement ou acc\u00e8s par des tiers non autoris\u00e9s.<\/p>\n<p>Si certains destinataires des donn\u00e9es personnelles collect\u00e9es \u00e9taient situ\u00e9s en dehors de l\u2019Union Europ\u00e9enne, la Soci\u00e9t\u00e9 s\u2019engage \u00e0 encadrer le transfert, conform\u00e9ment aux exigences du R\u00e8glement europ\u00e9en n02016\/679\/UE du 27 avril 2016, pour s\u2019assurer d\u2019un niveau de protection suffisant des donn\u00e9es personnelles.[\/vc_column_text][vc_empty_space][vc_column_text]<\/p>\n<h5>DROITS D\u2019ACC\u00c8S ET DE CONTR\u00d4LE DE VOS DONN\u00c9ES PERSONNELLES<\/h5>\n<p><strong><em>VOUS DISPOSEZ DES DROITS SUIVANTS :<\/em><\/strong><\/p>\n<ul>\n<li>Mettre \u00e0 jour ou supprimer vos donn\u00e9es en vous connectant \u00e0 votre compte et en configurant ses param\u00e8tres.<\/li>\n<li>Exercer votre droit d\u2019acc\u00e8s, pour conna\u00eetre les donn\u00e9es personnelles qui vous concernent.<\/li>\n<li>Demander la mise \u00e0 jour de vos donn\u00e9es, si celles-ci sont inexactes.<\/li>\n<li>Demander la portabilit\u00e9 ou la suppression de vos donn\u00e9es.<\/li>\n<li>Demander la suppression de votre compte.<\/li>\n<li>Demander la limitation du traitement de vos donn\u00e9es.<\/li>\n<\/ul>\n<p>&nbsp;<\/p>\n<p><strong><em>VOUS POUVEZ AUSSI :<\/em><\/strong><\/p>\n<ul>\n<li>Vous opposer, pour des motifs l\u00e9gitimes, au traitement de vos donn\u00e9es.<\/li>\n<li>Vous opposer ou retirer votre consentement \u00e0 l\u2019utilisation, par nos services, de vos coordonn\u00e9es pour l\u2019envoi de nos promotions et sollicitations via courriers \u00e9lectroniques, messages SMS, appels t\u00e9l\u00e9phoniques et courriers postaux.<\/li>\n<li>Vous opposer \u00e0 tout moment, pour des raisons tenant \u00e0 votre situation particuli\u00e8re, \u00e0 un traitement des donn\u00e9es \u00e0 caract\u00e8re personnel fond\u00e9 exclusivement sur un traitement automatis\u00e9, y compris le profilage, produisant des effets juridiques vous affectant.<\/li>\n<\/ul>\n<p>Ces diff\u00e9rents droits sont \u00e0 exercer, soit en modifiant les param\u00e8tres de votre compte, soit directement sur le site <a href=\"https:\/\/enigma-catering.com\">https:\/\/enigma-catering.com<\/a>, soit par courriel \u00e0 l\u2019adresse suivante : <a href=\"mailto:enigmagastro.catering@gmail.com\">enigmagastro.catering@gmail.com<\/a>.<\/p>\n<p>Pour des raisons de s\u00e9curit\u00e9 et \u00e9viter toute demande frauduleuse, cette demande devra \u00eatre sign\u00e9e et accompagn\u00e9e d\u2019un justificatif d\u2019identit\u00e9. Le justificatif sera d\u00e9truit une fois la demande trait\u00e9e.[\/vc_column_text][\/vc_column][\/vc_row][vc_row][vc_column][vc_empty_space height=\u00a0\u00bb160px\u00a0\u00bb][\/vc_column][\/vc_row]<\/p>\n","protected":false},"excerpt":{"rendered":"<p>[vc_row][vc_column][vc_empty_space height=\u00a0\u00bb90px\u00a0\u00bb][\/vc_column][\/vc_row][vc_row row_content_width=\u00a0\u00bbgrid\u00a0\u00bb pattern_svg_path=\u00a0\u00bb\u00a0\u00bb][vc_column][vc_column_text]Conform\u00e9ment \u00e0 la loi \u00ab informatique et libert\u00e9s \u00bb du 6 janvier 1978 modifi\u00e9e et au R\u00e8glement europ\u00e9en n02016\/679\/UE du 27 avril 2016 applicable \u00e0 compter du 25 mai 2018, vous b\u00e9n\u00e9ficiez d\u2019un droit d\u2019acc\u00e8s, de rectification, de portabilit\u00e9 et d\u2019effacement de vos donn\u00e9es personnelles ou encore de limitation du traitement. Vous pouvez \u00e9galement, pour des motifs [&hellip;]<\/p>\n","protected":false},"author":1,"featured_media":0,"parent":0,"menu_order":0,"comment_status":"closed","ping_status":"open","template":"","meta":{"spay_email":""},"yoast_head":"<!-- This site is optimized with the Yoast SEO plugin v14.9 - https:\/\/yoast.com\/wordpress\/plugins\/seo\/ -->\n<title>R\u00e8gles de confidentialit\u00e9 - Enigma Catering<\/title>\n<meta name=\"robots\" content=\"index, follow, max-snippet:-1, max-image-preview:large, max-video-preview:-1\" \/>\n<link rel=\"canonical\" href=\"https:\/\/enigma-catering.com\/privacy-policy\/\" \/>\n<meta property=\"og:locale\" content=\"fr_FR\" \/>\n<meta property=\"og:type\" content=\"article\" \/>\n<meta property=\"og:title\" content=\"R\u00e8gles de confidentialit\u00e9 - Enigma Catering\" \/>\n<meta property=\"og:url\" content=\"https:\/\/enigma-catering.com\/privacy-policy\/\" \/>\n<meta property=\"og:site_name\" content=\"Enigma Catering\" \/>\n<meta property=\"article:modified_time\" content=\"2026-03-09T12:50:01+00:00\" \/>\n<meta name=\"twitter:card\" content=\"summary_large_image\" \/>\n<script type=\"application\/ld+json\" class=\"yoast-schema-graph\">{\"@context\":\"https:\/\/schema.org\",\"@graph\":[{\"@type\":\"Organization\",\"@id\":\"https:\/\/enigma-catering.com\/fr\/#organization\",\"name\":\"Enigma Catering\",\"url\":\"https:\/\/enigma-catering.com\/fr\/\",\"sameAs\":[],\"logo\":{\"@type\":\"ImageObject\",\"@id\":\"https:\/\/enigma-catering.com\/fr\/#logo\",\"inLanguage\":\"fr-FR\",\"url\":\"https:\/\/enigma-catering.com\/wp-content\/uploads\/2020\/09\/logo.png\",\"width\":442,\"height\":311,\"caption\":\"Enigma Catering\"},\"image\":{\"@id\":\"https:\/\/enigma-catering.com\/fr\/#logo\"}},{\"@type\":\"WebSite\",\"@id\":\"https:\/\/enigma-catering.com\/fr\/#website\",\"url\":\"https:\/\/enigma-catering.com\/fr\/\",\"name\":\"Enigma Catering\",\"description\":\"Daniele Verardi Catering Service\",\"publisher\":{\"@id\":\"https:\/\/enigma-catering.com\/fr\/#organization\"},\"potentialAction\":[{\"@type\":\"SearchAction\",\"target\":\"https:\/\/enigma-catering.com\/fr\/?s={search_term_string}\",\"query-input\":\"required name=search_term_string\"}],\"inLanguage\":\"fr-FR\"},{\"@type\":\"WebPage\",\"@id\":\"https:\/\/enigma-catering.com\/privacy-policy\/#webpage\",\"url\":\"https:\/\/enigma-catering.com\/privacy-policy\/\",\"name\":\"R\\u00e8gles de confidentialit\\u00e9 - Enigma Catering\",\"isPartOf\":{\"@id\":\"https:\/\/enigma-catering.com\/fr\/#website\"},\"datePublished\":\"2020-07-22T22:13:39+00:00\",\"dateModified\":\"2026-03-09T12:50:01+00:00\",\"inLanguage\":\"fr-FR\",\"potentialAction\":[{\"@type\":\"ReadAction\",\"target\":[\"https:\/\/enigma-catering.com\/privacy-policy\/\"]}]}]}<\/script>\n<!-- \/ Yoast SEO plugin. -->","_links":{"self":[{"href":"https:\/\/enigma-catering.com\/fr\/wp-json\/wp\/v2\/pages\/3"}],"collection":[{"href":"https:\/\/enigma-catering.com\/fr\/wp-json\/wp\/v2\/pages"}],"about":[{"href":"https:\/\/enigma-catering.com\/fr\/wp-json\/wp\/v2\/types\/page"}],"author":[{"embeddable":true,"href":"https:\/\/enigma-catering.com\/fr\/wp-json\/wp\/v2\/users\/1"}],"replies":[{"embeddable":true,"href":"https:\/\/enigma-catering.com\/fr\/wp-json\/wp\/v2\/comments?post=3"}],"version-history":[{"count":13,"href":"https:\/\/enigma-catering.com\/fr\/wp-json\/wp\/v2\/pages\/3\/revisions"}],"predecessor-version":[{"id":3002,"href":"https:\/\/enigma-catering.com\/fr\/wp-json\/wp\/v2\/pages\/3\/revisions\/3002"}],"wp:attachment":[{"href":"https:\/\/enigma-catering.com\/fr\/wp-json\/wp\/v2\/media?parent=3"}],"curies":[{"name":"wp","href":"https:\/\/api.w.org\/{rel}","templated":true}]}}